{"id":8089,"date":"2020-02-03T11:38:57","date_gmt":"2020-02-03T10:38:57","guid":{"rendered":"https:\/\/www.campinglacauxoiseaux.fr\/camping-avec-mini-ferme\/"},"modified":"2020-11-03T12:05:50","modified_gmt":"2020-11-03T11:05:50","slug":"camping-con-la-mini-granja","status":"publish","type":"page","link":"https:\/\/www.campinglacauxoiseaux.fr\/es\/camping-con-la-mini-granja\/","title":{"rendered":"Services : Mini-Ferme"},"content":{"rendered":"<section id=\"section-5f6cb969979eb\"\" class=\"section bg-white p-b-0\" \/><div class=\"container  extralarge\"><h1 class=\"element section-title center\">Acampar con una mini-granja<\/h1><\/div><\/section>\n\n<section id=\"section-5f6cb96997e3d\"\" class=\"section bg-white\" \/><div class=\"container  extralarge\"><div class=\"colonnes-wrap valign-middle \"><div class=\"element colonne p-0 w-40\"><div class=\"element images\"><div class=\"image\"><img decoding=\"async\" src=\"https:\/\/www.campinglacauxoiseaux.fr\/wp-content\/uploads\/2020\/10\/ferme-aveyron-85x100.jpg\" data-src=\"https:\/\/www.campinglacauxoiseaux.fr\/wp-content\/uploads\/2020\/10\/ferme-aveyron.jpg\" alt=\"ferme aveyron\" class=\"images_image\" \/><\/div><\/div><\/div><div class=\"element colonne w-60\"><h2 class=\"element section-title center p-x-4 m-t-4\">\u00a1Vengan a descubrir la mini-granja del camping del lago Oiseaux!<\/h2><div class=\"element bloc-text justify p-x-4 p-y-2\">\n\t<p>Por supuesto, todo el mundo sabe lo que es una granja. Es una vasta propiedad donde se cr\u00edan animales para la leche, por ejemplo ovejas Lacaune para el queso Roquefort o la carne de los terneros <strong class=\"bold color1\">del S\u00e9gala<\/strong> y la vaca Aubrac. Hay maquinaria agr\u00edcola y edificios de granja para el heno y los animales. El Aveyron es un departamento <strong class=\"bold color1\">esencialmente agr\u00edcola<\/strong>, orientado a la cr\u00eda de ganado vacuno u ovino y a la producci\u00f3n de carne y leche. <\/p>\n<p>En los alrededores del <a href=\"\/es\/\">campamento de Martiel<\/a>, hay algunos que puedes visitar. Por ejemplo, <strong class=\"bold color1\">la granja Cazalous<\/strong> est\u00e1 especializada en la cr\u00eda de patos, puedes encontrar sus productos en el restaurante del camping. Y en el peque\u00f1o mercado que organizamos una vez a la semana, ver\u00e1s a los agricultores y productores con sus pat\u00e9s y verduras. <\/p>\n<p>Con nosotros, <strong class=\"bold color1\">lo aut\u00e9ntico<\/strong> es una realidad. Aunque nuestra tierra s\u00f3lo se dedica a la acampada y los prados se utilizan para la instalaci\u00f3n de alojamientos de ocio, tiendas o casas m\u00f3viles para los veraneantes, quer\u00edamos que tambi\u00e9n tuviera un <strong class=\"bold color1\"> ambiente campestre<\/strong>. <\/p>\n<p>As\u00ed que estando en el coraz\u00f3n del <strong class=\"bold color1\">Campo de Aveyron<\/strong>, hemos elegido instalar una mini-granja para que nuestros campistas tambi\u00e9n puedan aprovechar este retorno a sus ra\u00edces. Encontrar\u00e1s <strong class=\"bold color1\">recuerdos de la infancia<\/strong>, vacaciones en el campo, en la familia. O descubrir\u00e1s animales de granja de cerca, si siempre has vivido en la ciudad. Y lo que es m\u00e1s, \u00a1a tus hijos les encantar\u00e1! Mira las cabras trepando, marav\u00edllate con los polluelos y en el paseo de la tarde, ve y diles un \u00faltimo cuco! <\/p>\n<\/div><\/div><\/div><\/div><\/section>\n\n<section id=\"section-5f6cb969981b1\"\" class=\"section moz-img bg-white p-t-0 p-b-0\" \/><div class=\"container  full\"><div class=\"element images\"><div class=\"image\"><img decoding=\"async\" src=\"https:\/\/www.campinglacauxoiseaux.fr\/wp-content\/uploads\/2020\/10\/animations-mini-ferme-aveyron-100x69.jpg\" data-src=\"https:\/\/www.campinglacauxoiseaux.fr\/wp-content\/uploads\/2020\/10\/animations-mini-ferme-aveyron.jpg\" alt=\"animations mini-ferme aveyron\" class=\"images_image\" \/><\/div><div class=\"image\"><img decoding=\"async\" src=\"https:\/\/www.campinglacauxoiseaux.fr\/wp-content\/uploads\/2020\/10\/chevre-camping-100x69.jpg\" data-src=\"https:\/\/www.campinglacauxoiseaux.fr\/wp-content\/uploads\/2020\/10\/chevre-camping.jpg\" alt=\"chevre camping\" class=\"images_image\" \/><\/div><div class=\"image\"><img decoding=\"async\" src=\"https:\/\/www.campinglacauxoiseaux.fr\/wp-content\/uploads\/2020\/10\/cochon-inde-mini-ferme-100x69.jpg\" data-src=\"https:\/\/www.campinglacauxoiseaux.fr\/wp-content\/uploads\/2020\/10\/cochon-inde-mini-ferme.jpg\" alt=\"cochon inde mini-ferme\" class=\"images_image\" \/><\/div><div class=\"image\"><img decoding=\"async\" src=\"https:\/\/www.campinglacauxoiseaux.fr\/wp-content\/uploads\/2020\/10\/chevre-en-camping-100x69.jpg\" data-src=\"https:\/\/www.campinglacauxoiseaux.fr\/wp-content\/uploads\/2020\/10\/chevre-en-camping.jpg\" alt=\"chevre en camping\" class=\"images_image\" \/><\/div><\/div><\/div><\/section>\n\n<section id=\"section-5f6cb969986bf\"\" class=\"section moz-img bg-white p-t-0 p-b-0\" \/><div class=\"container  full\"><div class=\"colonnes-wrap valign-middle \"><div class=\"element colonne w-50 p-0\"><div class=\"element images\"><div class=\"image\"><img decoding=\"async\" src=\"https:\/\/www.campinglacauxoiseaux.fr\/wp-content\/uploads\/2020\/10\/camping-chevre-aveyron-100x69.jpg\" data-src=\"https:\/\/www.campinglacauxoiseaux.fr\/wp-content\/uploads\/2020\/10\/camping-chevre-aveyron.jpg\" alt=\"camping chevre aveyron\" class=\"images_image\" \/><\/div><div class=\"image\"><img decoding=\"async\" src=\"https:\/\/www.campinglacauxoiseaux.fr\/wp-content\/uploads\/2020\/10\/animaux-mini-ferme-aveyron-100x69.jpg\" data-src=\"https:\/\/www.campinglacauxoiseaux.fr\/wp-content\/uploads\/2020\/10\/animaux-mini-ferme-aveyron.jpg\" alt=\"animaux mini-ferme aveyron\" class=\"images_image\" \/><\/div><\/div><div class=\"element images\"><div class=\"image\"><img decoding=\"async\" src=\"https:\/\/www.campinglacauxoiseaux.fr\/wp-content\/uploads\/2020\/10\/poule-mini-ferme-100x69.jpg\" data-src=\"https:\/\/www.campinglacauxoiseaux.fr\/wp-content\/uploads\/2020\/10\/poule-mini-ferme.jpg\" alt=\"poule mini-ferme\" class=\"images_image\" \/><\/div><div class=\"image\"><img decoding=\"async\" src=\"https:\/\/www.campinglacauxoiseaux.fr\/wp-content\/uploads\/2020\/10\/poussin-mini-ferme-100x69.jpg\" data-src=\"https:\/\/www.campinglacauxoiseaux.fr\/wp-content\/uploads\/2020\/10\/poussin-mini-ferme.jpg\" alt=\"poussin mini-ferme\" class=\"images_image\" \/><\/div><\/div><\/div><div class=\"element colonne p-4\"><h2 class=\"element section-title left\">Descubrir los animales de granja<\/h2><div class=\"element bloc-text justify p-x-4 p-y-2\">\n\t<p>En el borde del camping, hay los <strong class=\"bold color1\">parques de animales<\/strong>, espaciosos porque estamos atentos al bienestar de los animales!<\/p>\n<p>Adeline es una apasionada de los caballos y ha instalado a sus dos yeguas en un gran corral; las mueve regularmente para que puedan pastar hierba fresca. Un burro negro les hace compa\u00f1\u00eda. \u00a1Incluso puedes o\u00edrla a veces si tiene alguna queja!  <\/p>\n<p>Dos ponis tambi\u00e9n viven en el camping, y los otros dos tambi\u00e9n est\u00e1n en el camping, Granadina, y una galipette. Son muy \u00fatiles para cortar el c\u00e9sped alrededor de las casas m\u00f3viles en invierno.  <\/p>\n<p>A la derecha, cuando llegas, est\u00e1 el gallinero, que est\u00e1 bien cerrado para evitar que los zorros y otras aves acu\u00e1ticas se den un fest\u00edn con nuestras bonitas gallinas negras de seda. Una red los protege de aves como <strong class=\"bold color1\">abejorros, halcones<\/strong> o <strong class=\"bold color1\">milanos<\/strong>, cuyo vuelo y atrevimiento se puede observar en la presa cubierta de tierra. Un conejo, un fais\u00e1n y los conejillos de indias viven juntos en armon\u00eda.  <\/p>\n<\/div><\/div><\/div><\/div><\/section>\n\n<section id=\"section-5f6d9a6f2c38e\"\" class=\"section bg-color5\" \/><div class=\"container  extralarge\"><div class=\"colonnes-wrap valign-middle \"><div class=\"element colonne w-60\"><div class=\"element bloc-text justify p-x-4 p-y-2\">\n\t<p>Enfrente, a tu izquierda, est\u00e1 <strong class=\"bold color1\">el corral de cabras y ovejas<\/strong>. El nombre de la cabra es Jo, es muy simp\u00e1tico y est\u00e1 dispuesto a hacer cualquier cosa para comer su heno. Tienen un peque\u00f1o juego para trepar y les encanta sentarse al sol. Mimi la oveja y su hija caminan entre sus compa\u00f1eros con cuernos. \u00bfHas notado que los iris de las cabras <strong class=\"bold color1\">y de las ovejas son rectangulares<\/strong> ? Esto les da un aspecto extra\u00f1o, especialmente a las cabras. Algunos de nuestros animales nos fueron dados porque ya no pod\u00edan ser utilizados para la cr\u00eda, y as\u00ed terminan sus d\u00edas tranquilamente en nuestra casa, para el deleite de nuestros peque\u00f1os veraneantes!  <\/p>\n<p>Siempre puedes visitar la <strong class=\"bold color1\">mini-farm<\/strong>, a cualquier hora del d\u00eda, durante todo el a\u00f1o. En temporada alta, en julio y agosto, Adeline y Alexandre proponen acompa\u00f1ar para la <strong class=\"bold color1\">alimentaci\u00f3n de los animales<\/strong>. Para este verano, Alexandre ha construido una ronda de longe para proponer animaciones a\u00fan m\u00e1s amistosas!<\/p>\n<\/div><\/div><div class=\"element colonne p-0 w-40\"><div class=\"element images\"><div class=\"image\"><img decoding=\"async\" src=\"https:\/\/www.campinglacauxoiseaux.fr\/wp-content\/uploads\/2020\/10\/chevre-lac-aux-oiseaux-85x100.jpg\" data-src=\"https:\/\/www.campinglacauxoiseaux.fr\/wp-content\/uploads\/2020\/10\/chevre-lac-aux-oiseaux.jpg\" alt=\"ch\u00e8vre lac aux oiseaux\" class=\"images_image\" \/><\/div><\/div><\/div><\/div><\/div><\/section>\n\n<section id=\"section-5f6cb96998af5\"\" class=\"section bg-white\" \/><div class=\"container  extralarge\"><div class=\"element section-title center cta-title\">Nuestros otros beneficios y servicios<\/div><ul class=\"liste-de-page\"><li class=\"element call-to-action  call-to-action--style-1 call-to-action--normal\"><a href=\"https:\/\/www.campinglacauxoiseaux.fr\/es\/nuestros-servicios\/\"  class=\"call-to-action_link\" title=\"Aprende m\u00e1s sobre nuestros servicios\"><div class=\"call-to-action_image\"><img decoding=\"async\" src=\"https:\/\/www.campinglacauxoiseaux.fr\/wp-content\/uploads\/2020\/09\/Reception-exterieur-rouergue-cta-100x56.jpg\" data-src=\"https:\/\/www.campinglacauxoiseaux.fr\/wp-content\/uploads\/2020\/09\/Reception-exterieur-rouergue-cta.jpg\" alt=\"R\u00e9ception ext\u00e8rieur rouergue\" class=\"normal\" \/><\/div><div class=\"call-to-action_contenu\"><div class=\"call-to-action_titre\">Nuestros servicios<\/div><\/div><\/a><\/li><li class=\"element call-to-action  call-to-action--style-1 call-to-action--normal call-to-action--style-1 call-to-action--normal\"><a href=\"https:\/\/www.campinglacauxoiseaux.fr\/es\/camping-aveyron-con-animacion\/\"  class=\"call-to-action_link\" title=\"Aprende m\u00e1s sobre nuestras animaciones\"><div class=\"call-to-action_image\"><img decoding=\"async\" src=\"https:\/\/www.campinglacauxoiseaux.fr\/wp-content\/uploads\/2020\/09\/girafe-gonflable-2-100x56.jpg\" data-src=\"https:\/\/www.campinglacauxoiseaux.fr\/wp-content\/uploads\/2020\/09\/girafe-gonflable-2.jpg\" alt=\"girafe gonflable\" class=\"normal\" \/><\/div><div class=\"call-to-action_contenu\"><div class=\"call-to-action_titre\">Nuestras animaciones<\/div><\/div><\/a><\/li><li class=\"element call-to-action  call-to-action--style-1 call-to-action--normal call-to-action--style-1 call-to-action--normal call-to-action--style-1 call-to-action--normal\"><a href=\"https:\/\/www.campinglacauxoiseaux.fr\/es\/camping-con-zona-acuatica-en-el-aveyron\/\"  class=\"call-to-action_link\" title=\"Aprende m\u00e1s sobre nuestra piscina\"><div class=\"call-to-action_image\"><img decoding=\"async\" src=\"https:\/\/www.campinglacauxoiseaux.fr\/wp-content\/uploads\/2020\/10\/camping-piscine-aveyron-100x56.jpg\" data-src=\"https:\/\/www.campinglacauxoiseaux.fr\/wp-content\/uploads\/2020\/10\/camping-piscine-aveyron.jpg\" alt=\"camping piscine aveyron\" class=\"normal\" \/><\/div><div class=\"call-to-action_contenu\"><div class=\"call-to-action_titre\">Nuestra piscina<\/div><\/div><\/a><\/li><\/ul><\/div><\/section>","protected":false},"excerpt":{"rendered":"","protected":false},"author":1,"featured_media":7539,"parent":0,"menu_order":0,"comment_status":"closed","ping_status":"closed","template":"","meta":{"footnotes":""},"class_list":["post-8089","page","type-page","status-publish","has-post-thumbnail","hentry"],"acf":[],"yoast_head":"<!-- This site is optimized with the Yoast SEO plugin v23.4 - https:\/\/yoast.com\/wordpress\/plugins\/seo\/ -->\n<title>Camping con mini-granja en el Aveyron | Visita la granja del camping<\/title>\n<meta name=\"robots\" content=\"index, follow, max-snippet:-1, max-image-preview:large, max-video-preview:-1\" \/>\n<link rel=\"canonical\" href=\"https:\/\/www.campinglacauxoiseaux.fr\/es\/camping-con-la-mini-granja\/\" \/>\n<meta property=\"og:locale\" content=\"es_ES\" \/>\n<meta property=\"og:type\" content=\"article\" \/>\n<meta property=\"og:title\" content=\"Camping con mini-granja en el Aveyron | Visita la granja del camping\" \/>\n<meta property=\"og:url\" content=\"https:\/\/www.campinglacauxoiseaux.fr\/es\/camping-con-la-mini-granja\/\" \/>\n<meta property=\"og:site_name\" content=\"Camping Lac aux Oiseaux\" \/>\n<meta property=\"article:modified_time\" content=\"2020-11-03T11:05:50+00:00\" \/>\n<meta property=\"og:image\" content=\"https:\/\/www.campinglacauxoiseaux.fr\/wp-content\/uploads\/2020\/10\/camping-mini-ferme-aveyron.jpg\" \/>\n\t<meta property=\"og:image:width\" content=\"1903\" \/>\n\t<meta property=\"og:image:height\" content=\"550\" \/>\n\t<meta property=\"og:image:type\" content=\"image\/jpeg\" \/>\n<meta name=\"twitter:card\" content=\"summary_large_image\" \/>\n<script type=\"application\/ld+json\" class=\"yoast-schema-graph\">{\"@context\":\"https:\/\/schema.org\",\"@graph\":[{\"@type\":\"WebPage\",\"@id\":\"https:\/\/www.campinglacauxoiseaux.fr\/es\/camping-con-la-mini-granja\/\",\"url\":\"https:\/\/www.campinglacauxoiseaux.fr\/es\/camping-con-la-mini-granja\/\",\"name\":\"Camping con mini-granja en el Aveyron | Visita la granja del camping\",\"isPartOf\":{\"@id\":\"https:\/\/www.campinglacauxoiseaux.fr\/es\/#website\"},\"primaryImageOfPage\":{\"@id\":\"https:\/\/www.campinglacauxoiseaux.fr\/es\/camping-con-la-mini-granja\/#primaryimage\"},\"image\":{\"@id\":\"https:\/\/www.campinglacauxoiseaux.fr\/es\/camping-con-la-mini-granja\/#primaryimage\"},\"thumbnailUrl\":\"https:\/\/www.campinglacauxoiseaux.fr\/wp-content\/uploads\/2020\/10\/camping-mini-ferme-aveyron.jpg\",\"datePublished\":\"2020-02-03T10:38:57+00:00\",\"dateModified\":\"2020-11-03T11:05:50+00:00\",\"breadcrumb\":{\"@id\":\"https:\/\/www.campinglacauxoiseaux.fr\/es\/camping-con-la-mini-granja\/#breadcrumb\"},\"inLanguage\":\"es\",\"potentialAction\":[{\"@type\":\"ReadAction\",\"target\":[\"https:\/\/www.campinglacauxoiseaux.fr\/es\/camping-con-la-mini-granja\/\"]}]},{\"@type\":\"ImageObject\",\"inLanguage\":\"es\",\"@id\":\"https:\/\/www.campinglacauxoiseaux.fr\/es\/camping-con-la-mini-granja\/#primaryimage\",\"url\":\"https:\/\/www.campinglacauxoiseaux.fr\/wp-content\/uploads\/2020\/10\/camping-mini-ferme-aveyron.jpg\",\"contentUrl\":\"https:\/\/www.campinglacauxoiseaux.fr\/wp-content\/uploads\/2020\/10\/camping-mini-ferme-aveyron.jpg\",\"width\":1903,\"height\":550,\"caption\":\"camping mini ferme aveyron\"},{\"@type\":\"BreadcrumbList\",\"@id\":\"https:\/\/www.campinglacauxoiseaux.fr\/es\/camping-con-la-mini-granja\/#breadcrumb\",\"itemListElement\":[{\"@type\":\"ListItem\",\"position\":1,\"name\":\"Camping Aveyron\",\"item\":\"https:\/\/www.campinglacauxoiseaux.fr\/es\/\"},{\"@type\":\"ListItem\",\"position\":2,\"name\":\"La mini-granja del camping\"}]},{\"@type\":\"WebSite\",\"@id\":\"https:\/\/www.campinglacauxoiseaux.fr\/es\/#website\",\"url\":\"https:\/\/www.campinglacauxoiseaux.fr\/es\/\",\"name\":\"Camping Lac aux Oiseaux\",\"description\":\"\",\"potentialAction\":[{\"@type\":\"SearchAction\",\"target\":{\"@type\":\"EntryPoint\",\"urlTemplate\":\"https:\/\/www.campinglacauxoiseaux.fr\/es\/?s={search_term_string}\"},\"query-input\":{\"@type\":\"PropertyValueSpecification\",\"valueRequired\":true,\"valueName\":\"search_term_string\"}}],\"inLanguage\":\"es\"}]}<\/script>\n<!-- \/ Yoast SEO plugin. -->","yoast_head_json":{"title":"Camping con mini-granja en el Aveyron | Visita la granja del camping","robots":{"index":"index","follow":"follow","max-snippet":"max-snippet:-1","max-image-preview":"max-image-preview:large","max-video-preview":"max-video-preview:-1"},"canonical":"https:\/\/www.campinglacauxoiseaux.fr\/es\/camping-con-la-mini-granja\/","og_locale":"es_ES","og_type":"article","og_title":"Camping con mini-granja en el Aveyron | Visita la granja del camping","og_url":"https:\/\/www.campinglacauxoiseaux.fr\/es\/camping-con-la-mini-granja\/","og_site_name":"Camping Lac aux Oiseaux","article_modified_time":"2020-11-03T11:05:50+00:00","og_image":[{"width":1903,"height":550,"url":"https:\/\/www.campinglacauxoiseaux.fr\/wp-content\/uploads\/2020\/10\/camping-mini-ferme-aveyron.jpg","type":"image\/jpeg"}],"twitter_card":"summary_large_image","schema":{"@context":"https:\/\/schema.org","@graph":[{"@type":"WebPage","@id":"https:\/\/www.campinglacauxoiseaux.fr\/es\/camping-con-la-mini-granja\/","url":"https:\/\/www.campinglacauxoiseaux.fr\/es\/camping-con-la-mini-granja\/","name":"Camping con mini-granja en el Aveyron | Visita la granja del camping","isPartOf":{"@id":"https:\/\/www.campinglacauxoiseaux.fr\/es\/#website"},"primaryImageOfPage":{"@id":"https:\/\/www.campinglacauxoiseaux.fr\/es\/camping-con-la-mini-granja\/#primaryimage"},"image":{"@id":"https:\/\/www.campinglacauxoiseaux.fr\/es\/camping-con-la-mini-granja\/#primaryimage"},"thumbnailUrl":"https:\/\/www.campinglacauxoiseaux.fr\/wp-content\/uploads\/2020\/10\/camping-mini-ferme-aveyron.jpg","datePublished":"2020-02-03T10:38:57+00:00","dateModified":"2020-11-03T11:05:50+00:00","breadcrumb":{"@id":"https:\/\/www.campinglacauxoiseaux.fr\/es\/camping-con-la-mini-granja\/#breadcrumb"},"inLanguage":"es","potentialAction":[{"@type":"ReadAction","target":["https:\/\/www.campinglacauxoiseaux.fr\/es\/camping-con-la-mini-granja\/"]}]},{"@type":"ImageObject","inLanguage":"es","@id":"https:\/\/www.campinglacauxoiseaux.fr\/es\/camping-con-la-mini-granja\/#primaryimage","url":"https:\/\/www.campinglacauxoiseaux.fr\/wp-content\/uploads\/2020\/10\/camping-mini-ferme-aveyron.jpg","contentUrl":"https:\/\/www.campinglacauxoiseaux.fr\/wp-content\/uploads\/2020\/10\/camping-mini-ferme-aveyron.jpg","width":1903,"height":550,"caption":"camping mini ferme aveyron"},{"@type":"BreadcrumbList","@id":"https:\/\/www.campinglacauxoiseaux.fr\/es\/camping-con-la-mini-granja\/#breadcrumb","itemListElement":[{"@type":"ListItem","position":1,"name":"Camping Aveyron","item":"https:\/\/www.campinglacauxoiseaux.fr\/es\/"},{"@type":"ListItem","position":2,"name":"La mini-granja del camping"}]},{"@type":"WebSite","@id":"https:\/\/www.campinglacauxoiseaux.fr\/es\/#website","url":"https:\/\/www.campinglacauxoiseaux.fr\/es\/","name":"Camping Lac aux Oiseaux","description":"","potentialAction":[{"@type":"SearchAction","target":{"@type":"EntryPoint","urlTemplate":"https:\/\/www.campinglacauxoiseaux.fr\/es\/?s={search_term_string}"},"query-input":{"@type":"PropertyValueSpecification","valueRequired":true,"valueName":"search_term_string"}}],"inLanguage":"es"}]}},"_links":{"self":[{"href":"https:\/\/www.campinglacauxoiseaux.fr\/es\/wp-json\/wp\/v2\/pages\/8089"}],"collection":[{"href":"https:\/\/www.campinglacauxoiseaux.fr\/es\/wp-json\/wp\/v2\/pages"}],"about":[{"href":"https:\/\/www.campinglacauxoiseaux.fr\/es\/wp-json\/wp\/v2\/types\/page"}],"author":[{"embeddable":true,"href":"https:\/\/www.campinglacauxoiseaux.fr\/es\/wp-json\/wp\/v2\/users\/1"}],"replies":[{"embeddable":true,"href":"https:\/\/www.campinglacauxoiseaux.fr\/es\/wp-json\/wp\/v2\/comments?post=8089"}],"version-history":[{"count":4,"href":"https:\/\/www.campinglacauxoiseaux.fr\/es\/wp-json\/wp\/v2\/pages\/8089\/revisions"}],"predecessor-version":[{"id":8369,"href":"https:\/\/www.campinglacauxoiseaux.fr\/es\/wp-json\/wp\/v2\/pages\/8089\/revisions\/8369"}],"wp:featuredmedia":[{"embeddable":true,"href":"https:\/\/www.campinglacauxoiseaux.fr\/es\/wp-json\/wp\/v2\/media\/7539"}],"wp:attachment":[{"href":"https:\/\/www.campinglacauxoiseaux.fr\/es\/wp-json\/wp\/v2\/media?parent=8089"}],"curies":[{"name":"wp","href":"https:\/\/api.w.org\/{rel}","templated":true}]}}